{"id":7,"date":"2015-02-17T13:47:30","date_gmt":"2015-02-17T13:47:30","guid":{"rendered":"http:\/\/www.kora-vodostaving.cz\/pelikan\/?page_id=7"},"modified":"2022-10-26T05:15:12","modified_gmt":"2022-10-26T05:15:12","slug":"ubytovani","status":"publish","type":"page","link":"https:\/\/www.kora-vodostaving.cz\/pelikan\/?page_id=7","title":{"rendered":"Informace"},"content":{"rendered":"<h4><img decoding=\"async\" loading=\"lazy\" class=\"alignright size-medium wp-image-94\" src=\"http:\/\/www.kora-vodostaving.cz\/pelikan\/wp-content\/uploads\/12345789-179x300.png\" alt=\"12345789\" width=\"179\" height=\"300\" srcset=\"https:\/\/www.kora-vodostaving.cz\/pelikan\/wp-content\/uploads\/12345789-179x300.png 179w, https:\/\/www.kora-vodostaving.cz\/pelikan\/wp-content\/uploads\/12345789.png 330w\" sizes=\"(max-width: 179px) 100vw, 179px\" \/>Kapacita:<\/h4>\n<p>maxim\u00e1ln\u011b 18 osob<\/p>\n<h4>Ubytov\u00e1n\u00ed:<\/h4>\n<p>6 x 3 l\u016f\u017ekov\u00e9 pokoje se z\u00e1kladn\u00edm vybaven\u00edm, 2x soci\u00e1ln\u00ed za\u0159\u00edzen\u00ed spole\u010dn\u00e9 v prvn\u00edm pat\u0159e a jedno soci\u00e1ln\u00ed za\u0159\u00edzen\u00ed v p\u0159\u00edzem\u00ed. J\u00eddelna s televiz\u00ed, DVD a krbov\u00fdmi kamny slou\u017e\u00ed sou\u010dasn\u011b jako spole\u010densk\u00e1 m\u00edstnost. D\u00e1le veranda, su\u0161\u00e1rna a ly\u017e\u00e1rna. Spole\u010densk\u00e1 m\u00edstnost je vybavena r\u016fzn\u00fdmi spole\u010densk\u00fdmi hrami, fotb\u00e1lkem, filmy na DVD apod. Ve d\u0159evn\u00edku je ulo\u017een litinov\u00fd gril a grilovac\u00ed kamenn\u00e1 deska, vidli\u010dky na op\u00e9k\u00e1n\u00ed. Vedle d\u0159evn\u00edku je ohni\u0161t\u011b a ud\u00edrna. V p\u0159\u00edzem\u00ed jsou dva dal\u0161\u00ed pokoje kter\u00e9 nejsou p\u0159edm\u011btem pron\u00e1jmu a kter\u00e9 jsou vyu\u017e\u00edv\u00e1ny nez\u00e1visle na obsazen\u00ed chalupy, tzn., \u017ee mohou b\u00fdt vyu\u017e\u00edv\u00e1ny soub\u011b\u017en\u011b s osobami ubytovan\u00fdmi v prvn\u00edm pat\u0159e. V p\u0159\u00edpad\u011b neobsazen\u00ed kapacity, m\u016f\u017ee b\u00fdt zb\u00fdvaj\u00edc\u00ed kapacita nab\u00eddnuta dal\u0161\u00edm z\u00e1jemc\u016fm.<\/p>\n<h4>Stravov\u00e1n\u00ed a v\u00fdbava kuchyn\u011b:<\/h4>\n<p>Stravov\u00e1n\u00ed si ka\u017ed\u00fd zajist\u00ed vlastn\u00ed \u2013 vybaven\u00e1 kuchy\u0148ka (spor\u00e1k, trouba, mikrovlnn\u00e1 trouba, 2x lednice, mraz\u00e1k, my\u010dka n\u00e1dob\u00ed, ve\u0161ker\u00e9 n\u00e1dob\u00ed a p\u0159\u00edbory v dostate\u010dn\u00e9m mno\u017estv\u00ed, ut\u011brky na n\u00e1dob\u00ed, sapon\u00e1ty, pytle na odpadky). Tablety do my\u010dky je pot\u0159eba si zakoupit vlastn\u00ed.\u00a0P\u0159i odjezdu odstra\u0148te v\u0161echny zbytky potravin z lednice.<\/p>\n<h4>El. energie:<\/h4>\n<p>P\u0159ekontrolujte zapnut\u00ed a nastaven\u00ed elektrospot\u0159ebi\u010d\u016f jako jsou el. kotel, el. radi\u00e1tory v jednotliv\u00fdch m\u00edstnostech.<br \/>\nP\u0159i odjezdu vypn\u011bte v\u0161echny spot\u0159ebi\u010de (ne jisti\u010de), dle v\u00fd\u0161e uveden\u00e9ho.<br \/>\nTV a DVD odpojte od s\u00edt\u011b.<\/p>\n<h4>Voda:<\/h4>\n<p>Voda je st\u00e1le p\u0159ipojena. S ventily ve sklep\u011b nemanipulujte. V p\u0159\u00edpad\u011b poruchy volejte na telefonn\u00ed \u010d\u00edsla uveden\u00e1 v seznamu d\u016fle\u017eit\u00fdch \u010d\u00edsel.<\/p>\n<h4>Vyt\u00e1p\u011bn\u00ed:<\/h4>\n<p>Objekt je vyt\u00e1p\u011bn v p\u0159\u00edzem\u00ed podlahov\u00fdm topen\u00edm v pat\u0159e el. radi\u00e1tory. Ovl\u00e1d\u00e1n\u00ed termostaty.<br \/>\nKamny <a href=\"http:\/\/www.kora-vodostaving.cz\/pelikan\/wp-content\/uploads\/interier_15.jpg\">(foto)<\/a> ve spole\u010densk\u00e9 m\u00edstnosti se vyt\u00e1p\u00ed spol. m\u00edstnost, Intenzita ho\u0159en\u00ed se reguluje povyta\u017een\u00edm ovl\u00e1dac\u00ed p\u00e1\u010dky \u0161krt\u00edc\u00ed klapky u kamen. P\u0159i otev\u0159en\u00fdch dve\u0159\u00edch a\u017e na chodbu dok\u00e1\u017eou kamna vyh\u0159\u00e1t celou chalupu. Nad kamny je v\u011btr\u00e1k, kter\u00fd rozh\u00e1n\u00ed teplo do zbytku chalupy. Zap\u00edn\u00e1 se vyp\u00edna\u010dem vedle kamen. Odpopeln\u011bn\u00ed se prov\u00e1d\u00ed vy\u010di\u0161t\u011bn\u00edm ro\u0161tu, pod kter\u00fdm je um\u00edst\u011bn vyj\u00edmateln\u00fd popeln\u00edk.<br \/>\nK topen\u00ed lze pou\u017e\u00edt palivov\u00e9 d\u0159evo ulo\u017een\u00e9 ve spol. m\u00edstnosti u objektu, pop\u0159\u00edpad\u011b v k\u016fln\u011b (<a href=\"http:\/\/www.kora-vodostaving.cz\/pelikan\/wp-content\/uploads\/exterier_12.jpg\">foto<\/a> + <a href=\"http:\/\/www.kora-vodostaving.cz\/pelikan\/wp-content\/uploads\/exterier_12-drevnik.jpg\">foto<\/a>). Kl\u00ed\u010de od k\u016flny jsou pov\u011b\u0161eny vedle vchodu na terasu u knihovni\u010dky.<br \/>\nDo kamen nevhazujte plasty ani odpadky.<br \/>\nPopel se ukl\u00e1d\u00e1 pouze na vyhrazen\u00e9 m\u00edsto \u2013 mimo objekt do modr\u00e9ho , kovov\u00e9ho 80 litrov\u00e9ho sudu<br \/>\nElektrick\u00fdmi p\u0159\u00edmotopn\u00fdmi radi\u00e1tory je mo\u017en\u00e9 p\u0159it\u00e1p\u011bt ve v\u0161ech m\u00edstnostech. P\u0159\u00edmotopn\u00e9 radi\u00e1tory je nutn\u00e9 p\u0159ipojit pouze do jednoduch\u00fdch z\u00e1suvek. ( z d\u016fvodu ji\u0161t\u011bn\u00ed ). V chat\u011b jsou um\u00edst\u011bny p\u0159enosn\u00e9 radi\u00e1tory. V koupeln\u00e1ch, na chodb\u011b a v su\u0161\u00e1rn\u011b jsou el. radi\u00e1tory pevn\u00e9.<br \/>\nP\u0159i odjezdu vypn\u011bte el. radi\u00e1tory vyp\u00edna\u010di a vyta\u017een\u00edm p\u0159\u00edvodn\u00edch \u0161\u0148\u016fr ze z\u00e1suvek.<br \/>\nPo ukon\u010den\u00ed pobytu nachystejte <a href=\"http:\/\/www.kora-vodostaving.cz\/pelikan\/wp-content\/uploads\/interier_15-kamna.jpg\">(foto)<\/a> do kamen na zatopen\u00ed aby dal\u0161\u00ed n\u00e1v\u0161t\u011bvn\u00edk mohl co nejd\u0159\u00edve topit !!!!<\/p>\n<h4>Pobyt:<\/h4>\n<p>Pobyt , pokud nen\u00ed dohodnuto jinak, je od ned\u011ble 15 hod. do 12 hod. n\u00e1sleduj\u00edc\u00ed ned\u011ble.<br \/>\nObjekt mus\u00ed b\u00fdt vyklizen nejpozd\u011bji ve 12 hodin posledn\u00edho dne pobytu z d\u016fvodu proveden\u00ed \u00faklidu. Od 15 hod. je mo\u017en\u00fd p\u0159\u00edjezd n\u00e1sleduj\u00edc\u00edch host\u016f.<br \/>\nPro v\u00fdpo\u010det ceny za pobyt se po\u010d\u00edt\u00e1 po\u010det noc\u00ed, kter\u00e9 na chalup\u011b ubytovan\u00fd str\u00e1vil a po\u010dtu obsazen\u00fdch pokoj\u016f. ( viz. samostatn\u00fd list )<\/p>\n<h4>Odpadky<\/h4>\n<p>Odpadky v pr\u016fb\u011bhu pobytu je mo\u017eno odlo\u017eit do popelnice um\u00edst\u011bn\u00e9 za objektem nebo do t\u0159\u00edd\u011bn\u00fdch kontejner\u016f (u h\u00e1jovny na za\u010d\u00e1tku obce Kun\u010dice). Doporu\u010dujeme t\u0159\u00eddit odpadky proto\u017ee popelnice je mal\u00e1.<\/p>\n<h4>\u00daklid:<\/h4>\n<p>Po skon\u010den\u00ed pobytu je zaji\u0161t\u011bn kompletn\u00ed \u00faklid. Prove\u010fte v\u0161ak alespo\u0148 z\u00e1kladn\u00ed \u00faklid \/ zameten\u00ed.<\/p>\n<h4>P\u0159i odjezdu:<\/h4>\n<p>Kamna ve spole\u010densk\u00e9 m\u00edstnosti mus\u00ed b\u00fdt vyhasl\u00e1 a p\u0159ipraven\u00e1 pro dal\u0161\u00edho hosta!<br \/>\nVypn\u011bte v\u0161echny spot\u0159ebi\u010de.<br \/>\nUzamkn\u011bte v\u0161echny vstupy. ( 2x modr\u00fdm kl\u00ed\u010dkem a 1x \u010derven\u00fdm kl\u00ed\u010dkem )<br \/>\nP\u0159i vr\u00e1cen\u00ed kl\u00ed\u010d\u016f od chalupy zapla\u0165te vypo\u010dtenou cenu za pobyt.<\/p>\n<h4>Z\u00e1kaz:<\/h4>\n<p>P\u0159\u00edsn\u00fd z\u00e1kaz pobytu dom\u00e1c\u00edch mazl\u00ed\u010dk\u016f.<br \/>\nJe zak\u00e1z\u00e1no na pokoj\u00edch p\u0159estavovat n\u00e1bytek.<br \/>\nV 1. pat\u0159e je dovolen pohyb pouze v p\u0159ez\u016fvk\u00e1ch.<\/p>\n<h4>Heslo na wifi:<\/h4>\n<p>Heslo na wifi internet na chat\u011b je 8&#215;2, tedy: 22222222<\/p>\n<h4>Ostatn\u00ed:<\/h4>\n<p>Doporu\u010dujeme si s sebou vz\u00edt p\u0159ez\u016fvky a ru\u010dn\u00edky. Ostatn\u00ed b\u011b\u017en\u00e9 pot\u0159eby jsou na chalup\u011b k dispozici.<\/p>\n","protected":false},"excerpt":{"rendered":"<p>Kapacita: maxim\u00e1ln\u011b 18 osob Ubytov\u00e1n\u00ed: 6 x 3 l\u016f\u017ekov\u00e9 pokoje se z\u00e1kladn\u00edm vybaven\u00edm, 2x soci\u00e1ln\u00ed za\u0159\u00edzen\u00ed spole\u010dn\u00e9 v prvn\u00edm pat\u0159e a jedno soci\u00e1ln\u00ed za\u0159\u00edzen\u00ed v p\u0159\u00edzem\u00ed. J\u00eddelna s televiz\u00ed, DVD a krbov\u00fdmi kamny slou\u017e\u00ed sou\u010dasn\u011b jako spole\u010densk\u00e1 m\u00edstnost. D\u00e1le veranda,&#8230;<br \/><a class=\"read-more-button\" href=\"https:\/\/www.kora-vodostaving.cz\/pelikan\/?page_id=7\">\u010c\u00edst v\u00edce<\/a><\/p>\n","protected":false},"author":1,"featured_media":0,"parent":0,"menu_order":1,"comment_status":"closed","ping_status":"closed","template":"","meta":[],"_links":{"self":[{"href":"https:\/\/www.kora-vodostaving.cz\/pelikan\/index.php?rest_route=\/wp\/v2\/pages\/7"}],"collection":[{"href":"https:\/\/www.kora-vodostaving.cz\/pelikan\/index.php?rest_route=\/wp\/v2\/pages"}],"about":[{"href":"https:\/\/www.kora-vodostaving.cz\/pelikan\/index.php?rest_route=\/wp\/v2\/types\/page"}],"author":[{"embeddable":true,"href":"https:\/\/www.kora-vodostaving.cz\/pelikan\/index.php?rest_route=\/wp\/v2\/users\/1"}],"replies":[{"embeddable":true,"href":"https:\/\/www.kora-vodostaving.cz\/pelikan\/index.php?rest_route=%2Fwp%2Fv2%2Fcomments&post=7"}],"version-history":[{"count":14,"href":"https:\/\/www.kora-vodostaving.cz\/pelikan\/index.php?rest_route=\/wp\/v2\/pages\/7\/revisions"}],"predecessor-version":[{"id":185,"href":"https:\/\/www.kora-vodostaving.cz\/pelikan\/index.php?rest_route=\/wp\/v2\/pages\/7\/revisions\/185"}],"wp:attachment":[{"href":"https:\/\/www.kora-vodostaving.cz\/pelikan\/index.php?rest_route=%2Fwp%2Fv2%2Fmedia&parent=7"}],"curies":[{"name":"wp","href":"https:\/\/api.w.org\/{rel}","templated":true}]}}